{"id":4289,"date":"2019-04-04T15:53:56","date_gmt":"2019-04-04T15:53:56","guid":{"rendered":"http:\/\/www.re-tramontana.org\/portfolio-items\/numericulture-gascogne\/"},"modified":"2025-09-23T11:57:32","modified_gmt":"2025-09-23T11:57:32","slug":"numericulture-gascogne","status":"publish","type":"avada_portfolio","link":"https:\/\/www.re-tramontana.org\/fr\/portfolio-items\/numericulture-gascogne\/","title":{"rendered":"Num\u00e9riculture Gascogne"},"content":{"rendered":"<p><div class=\"fusion-fullwidth fullwidth-box fusion-builder-row-1 has-pattern-background has-mask-background hundred-percent-fullwidth non-hundred-percent-height-scrolling\" style=\"--awb-border-radius-top-left:0px;--awb-border-radius-top-right:0px;--awb-border-radius-bottom-right:0px;--awb-border-radius-bottom-left:0px;--awb-margin-top:1%;--awb-margin-bottom:5%;--awb-flex-wrap:wrap;\" ><div class=\"fusion-builder-row fusion-row\"><div class=\"fusion-layout-column fusion_builder_column fusion-builder-column-0 fusion_builder_column_1_1 1_1 fusion-one-full fusion-column-first fusion-column-last\" style=\"--awb-padding-right:15%;--awb-padding-left:15%;--awb-bg-size:cover;\" data-scroll-devices=\"small-visibility,medium-visibility,large-visibility\"><div class=\"fusion-column-wrapper fusion-column-has-shadow fusion-flex-column-wrapper-legacy\"><div class=\"fusion-column-content-centered\"><div class=\"fusion-column-content\"><div class=\"fusion-text fusion-text-1\"><p><span class=\"s1\">Depuis 2006 Num\u00e9riculture Gascogne entend concourir par la num\u00e9risation \u2013 son, image, texte \u2013 \u00e0 la sauvegarde et \u00e0 la diffusion des patrimoines culturels de la Gascogne. Ses moyens d\u2019action sont : a) La r\u00e9alisation, la production, l&rsquo;archivage et la diffusion de documents et mat\u00e9riaux num\u00e9riques ayant trait \u00e0 la culture gasconne. b) L&rsquo;organisation de manifestations de tous ordres : conf\u00e9rences, colloques, expositions, th\u00e9\u00e2tre, concerts, radio, t\u00e9l\u00e9vision, cin\u00e9ma, multim\u00e9dia, etc. c) Des publications, notamment diffus\u00e9es par site internet, p\u00e9riodiques et non p\u00e9riodiques Num\u00e9riculture-Gascogne produit des mat\u00e9riaux qui visent \u00e0 restituer aux publics des fragments de description de la soci\u00e9t\u00e9 gasconne : livres, CD, films-documentaires. Num\u00e9riculture-Gascogne participe activement \u00e0 la collection audiovisuelle Oralit\u00e9 de Gascogne. L&rsquo;association assure la distribution des produits culturels qu&rsquo;elle publie et anime des soir\u00e9es publiques, projections, vente en librairies, etc.<\/span><\/p>\n<p><span class=\"s1\">Coordinateur: Fabrice Bernissan<\/span><\/p>\n<\/div><\/div><\/div><div class=\"fusion-clearfix\"><\/div><\/div><\/div><\/div><\/div><div class=\"fusion-fullwidth fullwidth-box fusion-builder-row-2 has-pattern-background has-mask-background hundred-percent-fullwidth non-hundred-percent-height-scrolling fusion-equal-height-columns\" style=\"--awb-border-radius-top-left:0px;--awb-border-radius-top-right:0px;--awb-border-radius-bottom-right:0px;--awb-border-radius-bottom-left:0px;--awb-background-color:#f2f4ec;--awb-flex-wrap:wrap;\" ><div class=\"fusion-builder-row fusion-row\"><div class=\"fusion-layout-column fusion_builder_column fusion-builder-column-1 fusion_builder_column_1_1 1_1 fusion-one-full fusion-column-first fusion-column-last\" style=\"--awb-padding-right:15%;--awb-padding-left:15%;--awb-bg-size:cover;\" data-scroll-devices=\"small-visibility,medium-visibility,large-visibility\"><div class=\"fusion-column-wrapper fusion-column-has-shadow fusion-flex-column-wrapper-legacy\"><div class=\"fusion-column-content-centered\"><div class=\"fusion-column-content\"><div class=\"fusion-title title fusion-title-1 sep-underline sep-dotted fusion-title-center fusion-title-text fusion-title-size-one\" style=\"--awb-margin-top:5%;--awb-margin-bottom:5%;--awb-sep-color:#c4c2c2;\"><h1 class=\"fusion-title-heading title-heading-center\" style=\"margin:0;\"><h4 style=\"text-align: center;\">NOUVELLES R\u00c9CENTES<\/h4><\/h1><\/div><div class=\"fusion-blog-shortcode fusion-blog-shortcode-1 fusion-blog-archive fusion-blog-layout-grid-wrapper fusion-blog-pagination fusion-blog-layout-center\"><style type=\"text\/css\">.fusion-blog-shortcode-1 .fusion-blog-layout-grid .fusion-post-grid{padding:20px;}.fusion-blog-shortcode-1 .fusion-posts-container{margin-left: -20px !important; margin-right:-20px !important;}<\/style><div class=\"fusion-posts-container fusion-posts-container-pagination fusion-blog-rollover fusion-blog-layout-grid fusion-blog-layout-grid-3 isotope fusion-blog-equal-heights\" data-pages=\"3\" data-grid-col-space=\"40\" style=\"margin: -20px -20px 0;min-height:500px;\"><article id=\"blog-1-post-8912\" class=\"fusion-post-grid post-8912 post type-post status-publish format-standard has-post-thumbnail hentry category-aria-tramontana-fr category-ethostaucomenges-fr category-non-classifiee category-numericulture-gascogne-fr category-radio-pais-fr\">\n<div class=\"fusion-post-wrapper\" style=\"background-color:rgba(255,255,255,1);border:1px solid #ebeaea;border-bottom-width:3px;\">\n\n\t\t\t<div class=\"fusion-flexslider flexslider fusion-flexslider-loading fusion-post-slideshow\" style=\"border-color:#ebeaea;\">\n\t\t<ul class=\"slides\">\n\t\t\t\n\t\t\t\t\t\t\t\t\t\t\t\t\t\t<li><div  class=\"fusion-image-wrapper\" aria-haspopup=\"true\">\n\t\t\t\t<img decoding=\"async\" width=\"1200\" height=\"800\" src=\"https:\/\/www.re-tramontana.org\/wp-content\/uploads\/2026\/03\/eurocvision-1200x800-1.png\" class=\"attachment-full size-full wp-post-image\" alt=\"Eurocvision 1200x800\" srcset=\"https:\/\/www.re-tramontana.org\/wp-content\/uploads\/2026\/03\/eurocvision-1200x800-1-200x133.png 200w, https:\/\/www.re-tramontana.org\/wp-content\/uploads\/2026\/03\/eurocvision-1200x800-1-400x267.png 400w, https:\/\/www.re-tramontana.org\/wp-content\/uploads\/2026\/03\/eurocvision-1200x800-1-600x400.png 600w, https:\/\/www.re-tramontana.org\/wp-content\/uploads\/2026\/03\/eurocvision-1200x800-1-800x533.png 800w, https:\/\/www.re-tramontana.org\/wp-content\/uploads\/2026\/03\/eurocvision-1200x800-1.png 1200w\" sizes=\"(min-width: 2200px) 100vw, (min-width: 784px) 340px, (min-width: 712px) 510px, (min-width: 640px) 712px, \" \/><div class=\"fusion-rollover\">\n\t<div class=\"fusion-rollover-content\">\n\n\t\t\t\t\t\t\t\t\t\t\t\t\t\t<a class=\"fusion-rollover-link\" href=\"https:\/\/www.re-tramontana.org\/fr\/8912\/\">Premi\u00e8re c\u00e9r\u00e9monie de remise du prix Eur\u00d2C&rsquo;Vision en Gasconha<\/a>\n\t\t\t\n\t\t\t\t\t\t\t\t\t\t\t\t\t\t\n\t\t\t\t\t\t\t\t\n\t\t\t\t\t\t\t\t\t\t\t\t\t<div class=\"fusion-rollover-sep\"><\/div>\n\t\t\t\t\n\t\t\t\t\t\t\t\t\t\t\t\t\t\t\t\t\t\t<a class=\"fusion-rollover-gallery\" href=\"https:\/\/www.re-tramontana.org\/wp-content\/uploads\/2026\/03\/eurocvision-1200x800-1.png\" data-options=\"\" data-id=\"8912\" data-rel=\"iLightbox[gallery]\" data-title=\"eurocvision-1200x800\" data-caption=\"\">\n\t\t\t\t\t\tGallery\t\t\t\t\t<\/a>\n\t\t\t\t\t\t\t\t\t\t\t\t\t\t\n\t\t\n\t\t\t\t\t\t\t\t\t\t\t\t<h4 class=\"fusion-rollover-title\">\n\t\t\t\t\t<a class=\"fusion-rollover-title-link\" href=\"https:\/\/www.re-tramontana.org\/fr\/8912\/\">\n\t\t\t\t\t\tPremi\u00e8re c\u00e9r\u00e9monie de remise du prix Eur\u00d2C&rsquo;Vision en Gasconha\t\t\t\t\t<\/a>\n\t\t\t\t<\/h4>\n\t\t\t\n\t\t\t\t\t\t\t\t\t\t<div class=\"fusion-rollover-categories\"><a href=\"https:\/\/www.re-tramontana.org\/fr\/category\/actions-fr\/aria-tramontana-fr\/\" rel=\"tag\">ARIA Tramontana<\/a>, <a href=\"https:\/\/www.re-tramontana.org\/fr\/category\/partners-fr\/ethostaucomenges-fr\/\" rel=\"tag\">Eth Ostau Comeng\u00e9s<\/a>, <a href=\"https:\/\/www.re-tramontana.org\/fr\/category\/non-classifiee\/\" rel=\"tag\">Non classifi\u00e9(e)<\/a>, <a href=\"https:\/\/www.re-tramontana.org\/fr\/category\/partners-fr\/numericulture-gascogne-fr\/\" rel=\"tag\">Num\u00e9riculture Gascogne<\/a>, <a href=\"https:\/\/www.re-tramontana.org\/fr\/category\/partners-fr\/radio-pais-fr\/\" rel=\"tag\">R\u00e0dio Pa\u00eds<\/a><\/div>\t\t\t\t\t\n\t\t\n\t\t\t\t\t\t<a class=\"fusion-link-wrapper\" href=\"https:\/\/www.re-tramontana.org\/fr\/8912\/\" aria-label=\"Premi\u00e8re c\u00e9r\u00e9monie de remise du prix Eur\u00d2C&rsquo;Vision en Gasconha\"><\/a>\n\t<\/div>\n<\/div>\n<\/div>\n<\/li>\n\t\t\t\n\t\t\t\n\t\t\t\t\t\t\t\t\t\t\t\t\t\t\t\t\t\t\t\t\t\t\t\t\t\t\t\t\t\t\t\t\t\t\t\t\t\t\t\t\t\t\t\t\t\t\t\t\t\t\t\t\t\t\t\t\t\t\t\t\t\t\t\t\t\t\t\t<\/ul>\n\t<\/div>\n\t<div class=\"fusion-post-content-wrapper\" style=\"padding:20px 20px 20px 20px;\"><div class=\"fusion-post-content post-content\"><h2 class=\"blog-shortcode-post-title entry-title\"><a href=\"https:\/\/www.re-tramontana.org\/fr\/8912\/\">Premi\u00e8re c\u00e9r\u00e9monie de remise du prix Eur\u00d2C&rsquo;Vision en Gasconha<\/a><\/h2><p class=\"fusion-single-line-meta\"><span class=\"vcard\" style=\"display: none;\"><span class=\"fn\"><a href=\"https:\/\/www.re-tramontana.org\/fr\/author\/luiscosta\/\" title=\"Articles par luiscosta\" rel=\"author\">luiscosta<\/a><\/span><\/span><span class=\"updated\" style=\"display:none;\">2026-04-06T11:47:10+00:00<\/span><span>20 mars 2026<\/span><span class=\"fusion-inline-sep\">|<\/span><\/p><\/div><\/div><div class=\"fusion-clearfix\"><\/div><\/div>\n<\/article>\n<article id=\"blog-1-post-8922\" class=\"fusion-post-grid post-8922 post type-post status-publish format-standard has-post-thumbnail hentry category-numericulture-gascogne-fr category-radio-pais-fr category-semina-tramontana-fr\">\n<div class=\"fusion-post-wrapper\" style=\"background-color:rgba(255,255,255,1);border:1px solid #ebeaea;border-bottom-width:3px;\">\n\n\t\t\t<div class=\"fusion-flexslider flexslider fusion-flexslider-loading fusion-post-slideshow\" style=\"border-color:#ebeaea;\">\n\t\t<ul class=\"slides\">\n\t\t\t\n\t\t\t\t\t\t\t\t\t\t\t\t\t\t<li><div  class=\"fusion-image-wrapper\" aria-haspopup=\"true\">\n\t\t\t\t<img decoding=\"async\" width=\"1200\" height=\"800\" src=\"https:\/\/www.re-tramontana.org\/wp-content\/uploads\/2026\/04\/le-role-des-langues-regionales.jpg\" class=\"attachment-full size-full wp-post-image\" alt=\"Le role des langues regionales\" srcset=\"https:\/\/www.re-tramontana.org\/wp-content\/uploads\/2026\/04\/le-role-des-langues-regionales-200x133.jpg 200w, https:\/\/www.re-tramontana.org\/wp-content\/uploads\/2026\/04\/le-role-des-langues-regionales-400x267.jpg 400w, https:\/\/www.re-tramontana.org\/wp-content\/uploads\/2026\/04\/le-role-des-langues-regionales-600x400.jpg 600w, https:\/\/www.re-tramontana.org\/wp-content\/uploads\/2026\/04\/le-role-des-langues-regionales-800x533.jpg 800w, https:\/\/www.re-tramontana.org\/wp-content\/uploads\/2026\/04\/le-role-des-langues-regionales.jpg 1200w\" sizes=\"(min-width: 2200px) 100vw, (min-width: 784px) 340px, (min-width: 712px) 510px, (min-width: 640px) 712px, \" \/><div class=\"fusion-rollover\">\n\t<div class=\"fusion-rollover-content\">\n\n\t\t\t\t\t\t\t\t\t\t\t\t\t\t<a class=\"fusion-rollover-link\" href=\"https:\/\/www.re-tramontana.org\/fr\/conference-sur-le-role-des-langues-dans-la-preservation-de-lenvironnement\/\">Conf\u00e9rence sur le r\u00f4le des langues dans la pr\u00e9servation de l&rsquo;environnement<\/a>\n\t\t\t\n\t\t\t\t\t\t\t\t\t\t\t\t\t\t\n\t\t\t\t\t\t\t\t\n\t\t\t\t\t\t\t\t\t\t\t\t\t<div class=\"fusion-rollover-sep\"><\/div>\n\t\t\t\t\n\t\t\t\t\t\t\t\t\t\t\t\t\t\t\t\t\t\t<a class=\"fusion-rollover-gallery\" href=\"https:\/\/www.re-tramontana.org\/wp-content\/uploads\/2026\/04\/le-role-des-langues-regionales.jpg\" data-options=\"\" data-id=\"8922\" data-rel=\"iLightbox[gallery]\" data-title=\"le-role-des-langues-regionales\" data-caption=\"\">\n\t\t\t\t\t\tGallery\t\t\t\t\t<\/a>\n\t\t\t\t\t\t\t\t\t\t\t\t\t\t\n\t\t\n\t\t\t\t\t\t\t\t\t\t\t\t<h4 class=\"fusion-rollover-title\">\n\t\t\t\t\t<a class=\"fusion-rollover-title-link\" href=\"https:\/\/www.re-tramontana.org\/fr\/conference-sur-le-role-des-langues-dans-la-preservation-de-lenvironnement\/\">\n\t\t\t\t\t\tConf\u00e9rence sur le r\u00f4le des langues dans la pr\u00e9servation de l&rsquo;environnement\t\t\t\t\t<\/a>\n\t\t\t\t<\/h4>\n\t\t\t\n\t\t\t\t\t\t\t\t\t\t<div class=\"fusion-rollover-categories\"><a href=\"https:\/\/www.re-tramontana.org\/fr\/category\/partners-fr\/numericulture-gascogne-fr\/\" rel=\"tag\">Num\u00e9riculture Gascogne<\/a>, <a href=\"https:\/\/www.re-tramontana.org\/fr\/category\/partners-fr\/radio-pais-fr\/\" rel=\"tag\">R\u00e0dio Pa\u00eds<\/a>, <a href=\"https:\/\/www.re-tramontana.org\/fr\/category\/actions-fr\/semina-tramontana-fr\/\" rel=\"tag\">SEMINA Tramontana<\/a><\/div>\t\t\t\t\t\n\t\t\n\t\t\t\t\t\t<a class=\"fusion-link-wrapper\" href=\"https:\/\/www.re-tramontana.org\/fr\/conference-sur-le-role-des-langues-dans-la-preservation-de-lenvironnement\/\" aria-label=\"Conf\u00e9rence sur le r\u00f4le des langues dans la pr\u00e9servation de l&rsquo;environnement\"><\/a>\n\t<\/div>\n<\/div>\n<\/div>\n<\/li>\n\t\t\t\n\t\t\t\n\t\t\t\t\t\t\t\t\t\t\t\t\t\t\t\t\t\t\t\t\t\t\t\t\t\t\t\t\t\t\t\t\t\t\t\t\t\t\t\t\t\t\t\t\t\t\t\t\t\t\t\t\t\t\t\t\t\t\t\t\t\t\t\t\t\t\t\t<\/ul>\n\t<\/div>\n\t<div class=\"fusion-post-content-wrapper\" style=\"padding:20px 20px 20px 20px;\"><div class=\"fusion-post-content post-content\"><h2 class=\"blog-shortcode-post-title entry-title\"><a href=\"https:\/\/www.re-tramontana.org\/fr\/conference-sur-le-role-des-langues-dans-la-preservation-de-lenvironnement\/\">Conf\u00e9rence sur le r\u00f4le des langues dans la pr\u00e9servation de l&rsquo;environnement<\/a><\/h2><p class=\"fusion-single-line-meta\"><span class=\"vcard\" style=\"display: none;\"><span class=\"fn\"><a href=\"https:\/\/www.re-tramontana.org\/fr\/author\/luiscosta\/\" title=\"Articles par luiscosta\" rel=\"author\">luiscosta<\/a><\/span><\/span><span class=\"updated\" style=\"display:none;\">2026-04-06T11:56:29+00:00<\/span><span>19 mars 2026<\/span><span class=\"fusion-inline-sep\">|<\/span><\/p><\/div><\/div><div class=\"fusion-clearfix\"><\/div><\/div>\n<\/article>\n<article id=\"blog-1-post-8655\" class=\"fusion-post-grid post-8655 post type-post status-publish format-standard has-post-thumbnail hentry category-audiolab-fr category-bambun-fr category-binauralnodar-fr category-ethostaucomenges-fr category-lab-tramontana-fr category-lem-italia-fr category-numericulture-gascogne-fr category-radio-pais-fr\">\n<div class=\"fusion-post-wrapper\" style=\"background-color:rgba(255,255,255,1);border:1px solid #ebeaea;border-bottom-width:3px;\">\n\n\t\t\t<div class=\"fusion-flexslider flexslider fusion-flexslider-loading fusion-post-slideshow\" style=\"border-color:#ebeaea;\">\n\t\t<ul class=\"slides\">\n\t\t\t\n\t\t\t\t\t\t\t\t\t\t\t\t\t\t<li><div  class=\"fusion-image-wrapper\" aria-haspopup=\"true\">\n\t\t\t\t<img decoding=\"async\" width=\"1200\" height=\"800\" src=\"https:\/\/www.re-tramontana.org\/wp-content\/uploads\/2025\/12\/Open-Call-Tramontana-Virtual-Residencies-2026-1200x800-1.png\" class=\"attachment-full size-full wp-post-image\" alt=\"Open Call Tramontana Virtual Residencies 2026 1200x800\" srcset=\"https:\/\/www.re-tramontana.org\/wp-content\/uploads\/2025\/12\/Open-Call-Tramontana-Virtual-Residencies-2026-1200x800-1-200x133.png 200w, https:\/\/www.re-tramontana.org\/wp-content\/uploads\/2025\/12\/Open-Call-Tramontana-Virtual-Residencies-2026-1200x800-1-400x267.png 400w, https:\/\/www.re-tramontana.org\/wp-content\/uploads\/2025\/12\/Open-Call-Tramontana-Virtual-Residencies-2026-1200x800-1-600x400.png 600w, https:\/\/www.re-tramontana.org\/wp-content\/uploads\/2025\/12\/Open-Call-Tramontana-Virtual-Residencies-2026-1200x800-1-800x533.png 800w, https:\/\/www.re-tramontana.org\/wp-content\/uploads\/2025\/12\/Open-Call-Tramontana-Virtual-Residencies-2026-1200x800-1.png 1200w\" sizes=\"(min-width: 2200px) 100vw, (min-width: 784px) 340px, (min-width: 712px) 510px, (min-width: 640px) 712px, \" \/><div class=\"fusion-rollover\">\n\t<div class=\"fusion-rollover-content\">\n\n\t\t\t\t\t\t\t\t\t\t\t\t\t\t<a class=\"fusion-rollover-link\" href=\"https:\/\/www.re-tramontana.org\/fr\/open-call-for-virtual-artist-residencies\/\">Appel \u00e0 candidatures pour des r\u00e9sidences artistiques virtuelles<\/a>\n\t\t\t\n\t\t\t\t\t\t\t\t\t\t\t\t\t\t\n\t\t\t\t\t\t\t\t\n\t\t\t\t\t\t\t\t\t\t\t\t\t<div class=\"fusion-rollover-sep\"><\/div>\n\t\t\t\t\n\t\t\t\t\t\t\t\t\t\t\t\t\t\t\t\t\t\t<a class=\"fusion-rollover-gallery\" href=\"https:\/\/www.re-tramontana.org\/wp-content\/uploads\/2025\/12\/Open-Call-Tramontana-Virtual-Residencies-2026-1200x800-1.png\" data-options=\"\" data-id=\"8655\" data-rel=\"iLightbox[gallery]\" data-title=\"Open Call Tramontana - Virtual Residencies 2026-1200x800\" data-caption=\"\">\n\t\t\t\t\t\tGallery\t\t\t\t\t<\/a>\n\t\t\t\t\t\t\t\t\t\t\t\t\t\t\n\t\t\n\t\t\t\t\t\t\t\t\t\t\t\t<h4 class=\"fusion-rollover-title\">\n\t\t\t\t\t<a class=\"fusion-rollover-title-link\" href=\"https:\/\/www.re-tramontana.org\/fr\/open-call-for-virtual-artist-residencies\/\">\n\t\t\t\t\t\tAppel \u00e0 candidatures pour des r\u00e9sidences artistiques virtuelles\t\t\t\t\t<\/a>\n\t\t\t\t<\/h4>\n\t\t\t\n\t\t\t\t\t\t\t\t\t\t<div class=\"fusion-rollover-categories\"><a href=\"https:\/\/www.re-tramontana.org\/fr\/category\/partners-fr\/audiolab-fr\/\" rel=\"tag\">Audiolab<\/a>, <a href=\"https:\/\/www.re-tramontana.org\/fr\/category\/partners-fr\/bambun-fr\/\" rel=\"tag\">Bambun<\/a>, <a href=\"https:\/\/www.re-tramontana.org\/fr\/category\/partners-fr\/binauralnodar-fr\/\" rel=\"tag\">Binaural Nodar<\/a>, <a href=\"https:\/\/www.re-tramontana.org\/fr\/category\/partners-fr\/ethostaucomenges-fr\/\" rel=\"tag\">Eth Ostau Comeng\u00e9s<\/a>, <a href=\"https:\/\/www.re-tramontana.org\/fr\/category\/actions-fr\/lab-tramontana-fr\/\" rel=\"tag\">LAB Tramontana<\/a>, <a href=\"https:\/\/www.re-tramontana.org\/fr\/category\/partners-fr\/lem-italia-fr\/\" rel=\"tag\">LEM Italia<\/a>, <a href=\"https:\/\/www.re-tramontana.org\/fr\/category\/partners-fr\/numericulture-gascogne-fr\/\" rel=\"tag\">Num\u00e9riculture Gascogne<\/a>, <a href=\"https:\/\/www.re-tramontana.org\/fr\/category\/partners-fr\/radio-pais-fr\/\" rel=\"tag\">R\u00e0dio Pa\u00eds<\/a><\/div>\t\t\t\t\t\n\t\t\n\t\t\t\t\t\t<a class=\"fusion-link-wrapper\" href=\"https:\/\/www.re-tramontana.org\/fr\/open-call-for-virtual-artist-residencies\/\" aria-label=\"Appel \u00e0 candidatures pour des r\u00e9sidences artistiques virtuelles\"><\/a>\n\t<\/div>\n<\/div>\n<\/div>\n<\/li>\n\t\t\t\n\t\t\t\n\t\t\t\t\t\t\t\t\t\t\t\t\t\t\t\t\t\t\t\t\t\t\t\t\t\t\t\t\t\t\t\t\t\t\t\t\t\t\t\t\t\t\t\t\t\t\t\t\t\t\t\t\t\t\t\t\t\t\t\t\t\t\t\t\t\t\t\t<\/ul>\n\t<\/div>\n\t<div class=\"fusion-post-content-wrapper\" style=\"padding:20px 20px 20px 20px;\"><div class=\"fusion-post-content post-content\"><h2 class=\"blog-shortcode-post-title entry-title\"><a href=\"https:\/\/www.re-tramontana.org\/fr\/open-call-for-virtual-artist-residencies\/\">Appel \u00e0 candidatures pour des r\u00e9sidences artistiques virtuelles<\/a><\/h2><p class=\"fusion-single-line-meta\"><span class=\"vcard\" style=\"display: none;\"><span class=\"fn\"><a href=\"https:\/\/www.re-tramontana.org\/fr\/author\/luiscosta\/\" title=\"Articles par luiscosta\" rel=\"author\">luiscosta<\/a><\/span><\/span><span class=\"updated\" style=\"display:none;\">2025-12-12T14:33:58+00:00<\/span><span>12 d\u00e9cembre 2025<\/span><span class=\"fusion-inline-sep\">|<\/span><\/p><\/div><\/div><div class=\"fusion-clearfix\"><\/div><\/div>\n<\/article>\n<article id=\"blog-1-post-8480\" class=\"fusion-post-grid post-8480 post type-post status-publish format-standard has-post-thumbnail hentry category-actions-fr category-akademia-profil-fr category-aria-tramontana-fr category-audiolab-fr category-bambun-fr category-binauralnodar-fr category-ethostaucomenges-fr category-g02-albanie category-la-leggera-fr category-lem-italia-fr category-nosauts-de-bigorra-fr category-numericulture-gascogne-fr category-orma-fr category-partners-fr category-radio-pais-fr\">\n<div class=\"fusion-post-wrapper\" style=\"background-color:rgba(255,255,255,1);border:1px solid #ebeaea;border-bottom-width:3px;\">\n\n\t\t\t<div class=\"fusion-flexslider flexslider fusion-flexslider-loading fusion-post-slideshow\" style=\"border-color:#ebeaea;\">\n\t\t<ul class=\"slides\">\n\t\t\t\n\t\t\t\t\t\t\t\t\t\t\t\t\t\t<li><div  class=\"fusion-image-wrapper\" aria-haspopup=\"true\">\n\t\t\t\t<img decoding=\"async\" width=\"1200\" height=\"800\" src=\"https:\/\/www.re-tramontana.org\/wp-content\/uploads\/2025\/11\/Second-Forum-Tramontana-Arsita.jpg\" class=\"attachment-full size-full wp-post-image\" alt=\"Second Forum Tramontana Arsita\" srcset=\"https:\/\/www.re-tramontana.org\/wp-content\/uploads\/2025\/11\/Second-Forum-Tramontana-Arsita-200x133.jpg 200w, https:\/\/www.re-tramontana.org\/wp-content\/uploads\/2025\/11\/Second-Forum-Tramontana-Arsita-400x267.jpg 400w, https:\/\/www.re-tramontana.org\/wp-content\/uploads\/2025\/11\/Second-Forum-Tramontana-Arsita-600x400.jpg 600w, https:\/\/www.re-tramontana.org\/wp-content\/uploads\/2025\/11\/Second-Forum-Tramontana-Arsita-800x533.jpg 800w, https:\/\/www.re-tramontana.org\/wp-content\/uploads\/2025\/11\/Second-Forum-Tramontana-Arsita.jpg 1200w\" sizes=\"(min-width: 2200px) 100vw, (min-width: 784px) 340px, (min-width: 712px) 510px, (min-width: 640px) 712px, \" \/><div class=\"fusion-rollover\">\n\t<div class=\"fusion-rollover-content\">\n\n\t\t\t\t\t\t\t\t\t\t\t\t\t\t<a class=\"fusion-rollover-link\" href=\"https:\/\/www.re-tramontana.org\/fr\/deuxieme-forum-tramontana-a-arsita\/\">Deuxi\u00e8me Forum Tramontana \u00e0 Arsita<\/a>\n\t\t\t\n\t\t\t\t\t\t\t\t\t\t\t\t\t\t\n\t\t\t\t\t\t\t\t\n\t\t\t\t\t\t\t\t\t\t\t\t\t<div class=\"fusion-rollover-sep\"><\/div>\n\t\t\t\t\n\t\t\t\t\t\t\t\t\t\t\t\t\t\t\t\t\t\t<a class=\"fusion-rollover-gallery\" href=\"https:\/\/www.re-tramontana.org\/wp-content\/uploads\/2025\/11\/Second-Forum-Tramontana-Arsita.jpg\" data-options=\"\" data-id=\"8480\" data-rel=\"iLightbox[gallery]\" data-title=\"Second Forum Tramontana Arsita\" data-caption=\"\">\n\t\t\t\t\t\tGallery\t\t\t\t\t<\/a>\n\t\t\t\t\t\t\t\t\t\t\t\t\t\t\n\t\t\n\t\t\t\t\t\t\t\t\t\t\t\t<h4 class=\"fusion-rollover-title\">\n\t\t\t\t\t<a class=\"fusion-rollover-title-link\" href=\"https:\/\/www.re-tramontana.org\/fr\/deuxieme-forum-tramontana-a-arsita\/\">\n\t\t\t\t\t\tDeuxi\u00e8me Forum Tramontana \u00e0 Arsita\t\t\t\t\t<\/a>\n\t\t\t\t<\/h4>\n\t\t\t\n\t\t\t\t\t\t\t\t\t\t<div class=\"fusion-rollover-categories\"><a href=\"https:\/\/www.re-tramontana.org\/fr\/category\/actions-fr\/\" rel=\"tag\">Actions<\/a>, <a href=\"https:\/\/www.re-tramontana.org\/fr\/category\/partners-fr\/akademia-profil-fr\/\" rel=\"tag\">Akademia Profil<\/a>, <a href=\"https:\/\/www.re-tramontana.org\/fr\/category\/actions-fr\/aria-tramontana-fr\/\" rel=\"tag\">ARIA Tramontana<\/a>, <a href=\"https:\/\/www.re-tramontana.org\/fr\/category\/partners-fr\/audiolab-fr\/\" rel=\"tag\">Audiolab<\/a>, <a href=\"https:\/\/www.re-tramontana.org\/fr\/category\/partners-fr\/bambun-fr\/\" rel=\"tag\">Bambun<\/a>, <a href=\"https:\/\/www.re-tramontana.org\/fr\/category\/partners-fr\/binauralnodar-fr\/\" rel=\"tag\">Binaural Nodar<\/a>, <a href=\"https:\/\/www.re-tramontana.org\/fr\/category\/partners-fr\/ethostaucomenges-fr\/\" rel=\"tag\">Eth Ostau Comeng\u00e9s<\/a>, <a href=\"https:\/\/www.re-tramontana.org\/fr\/category\/partners-fr\/g02-albanie\/\" rel=\"tag\">G02 Albanie<\/a>, <a href=\"https:\/\/www.re-tramontana.org\/fr\/category\/partners-fr\/la-leggera-fr\/\" rel=\"tag\">La Leggera<\/a>, <a href=\"https:\/\/www.re-tramontana.org\/fr\/category\/partners-fr\/lem-italia-fr\/\" rel=\"tag\">LEM Italia<\/a>, <a href=\"https:\/\/www.re-tramontana.org\/fr\/category\/partners-fr\/nosauts-de-bigorra-fr\/\" rel=\"tag\">Nosauts de Big\u00f2rra<\/a>, <a href=\"https:\/\/www.re-tramontana.org\/fr\/category\/partners-fr\/numericulture-gascogne-fr\/\" rel=\"tag\">Num\u00e9riculture Gascogne<\/a>, <a href=\"https:\/\/www.re-tramontana.org\/fr\/category\/partners-fr\/orma-fr\/\" rel=\"tag\">ORMA<\/a>, <a href=\"https:\/\/www.re-tramontana.org\/fr\/category\/partners-fr\/\" rel=\"tag\">Partenaires<\/a>, <a href=\"https:\/\/www.re-tramontana.org\/fr\/category\/partners-fr\/radio-pais-fr\/\" rel=\"tag\">R\u00e0dio Pa\u00eds<\/a><\/div>\t\t\t\t\t\n\t\t\n\t\t\t\t\t\t<a class=\"fusion-link-wrapper\" href=\"https:\/\/www.re-tramontana.org\/fr\/deuxieme-forum-tramontana-a-arsita\/\" aria-label=\"Deuxi\u00e8me Forum Tramontana \u00e0 Arsita\"><\/a>\n\t<\/div>\n<\/div>\n<\/div>\n<\/li>\n\t\t\t\n\t\t\t\n\t\t\t\t\t\t\t\t\t\t\t\t\t\t\t\t\t\t\t\t\t\t\t\t\t\t\t\t\t\t\t\t\t\t\t\t\t\t\t\t\t\t\t\t\t\t\t\t\t\t\t\t\t\t\t\t\t\t\t\t\t\t\t\t\t\t\t\t<\/ul>\n\t<\/div>\n\t<div class=\"fusion-post-content-wrapper\" style=\"padding:20px 20px 20px 20px;\"><div class=\"fusion-post-content post-content\"><h2 class=\"blog-shortcode-post-title entry-title\"><a href=\"https:\/\/www.re-tramontana.org\/fr\/deuxieme-forum-tramontana-a-arsita\/\">Deuxi\u00e8me Forum Tramontana \u00e0 Arsita<\/a><\/h2><p class=\"fusion-single-line-meta\"><span class=\"vcard\" style=\"display: none;\"><span class=\"fn\"><a href=\"https:\/\/www.re-tramontana.org\/fr\/author\/anaferreira\/\" title=\"Articles par Ana Ferreira\" rel=\"author\">Ana Ferreira<\/a><\/span><\/span><span class=\"updated\" style=\"display:none;\">2025-11-03T16:04:09+00:00<\/span><span>28 septembre 2025<\/span><span class=\"fusion-inline-sep\">|<\/span><\/p><\/div><\/div><div class=\"fusion-clearfix\"><\/div><\/div>\n<\/article>\n<article id=\"blog-1-post-7962\" class=\"fusion-post-grid post-7962 post type-post status-publish format-standard has-post-thumbnail hentry category-actions-fr category-akademia-profil-fr category-aria-tramontana-fr category-audiolab-fr category-bambun-fr category-binauralnodar-fr category-ethostaucomenges-fr category-g02-albanie category-la-leggera-fr category-lem-italia-fr category-nosauts-de-bigorra-fr category-numericulture-gascogne-fr category-orma-fr category-partners-fr category-radio-pais-fr\">\n<div class=\"fusion-post-wrapper\" style=\"background-color:rgba(255,255,255,1);border:1px solid #ebeaea;border-bottom-width:3px;\">\n\n\t\t\t<div class=\"fusion-flexslider flexslider fusion-flexslider-loading fusion-post-slideshow\" style=\"border-color:#ebeaea;\">\n\t\t<ul class=\"slides\">\n\t\t\t\n\t\t\t\t\t\t\t\t\t\t\t\t\t\t<li><div  class=\"fusion-image-wrapper\" aria-haspopup=\"true\">\n\t\t\t\t<img decoding=\"async\" width=\"1200\" height=\"800\" src=\"https:\/\/www.re-tramontana.org\/wp-content\/uploads\/2025\/09\/Loc_Proiezioni_Transumanza_1200x800.jpg\" class=\"attachment-full size-full wp-post-image\" alt=\"Loc proiezioni transumanza 1200x800\" srcset=\"https:\/\/www.re-tramontana.org\/wp-content\/uploads\/2025\/09\/Loc_Proiezioni_Transumanza_1200x800-200x133.jpg 200w, https:\/\/www.re-tramontana.org\/wp-content\/uploads\/2025\/09\/Loc_Proiezioni_Transumanza_1200x800-400x267.jpg 400w, https:\/\/www.re-tramontana.org\/wp-content\/uploads\/2025\/09\/Loc_Proiezioni_Transumanza_1200x800-600x400.jpg 600w, https:\/\/www.re-tramontana.org\/wp-content\/uploads\/2025\/09\/Loc_Proiezioni_Transumanza_1200x800-800x533.jpg 800w, https:\/\/www.re-tramontana.org\/wp-content\/uploads\/2025\/09\/Loc_Proiezioni_Transumanza_1200x800.jpg 1200w\" sizes=\"(min-width: 2200px) 100vw, (min-width: 784px) 340px, (min-width: 712px) 510px, (min-width: 640px) 712px, \" \/><div class=\"fusion-rollover\">\n\t<div class=\"fusion-rollover-content\">\n\n\t\t\t\t\t\t\t\t\t\t\t\t\t\t<a class=\"fusion-rollover-link\" href=\"https:\/\/www.re-tramontana.org\/fr\/projection-de-films-sur-la-transhumance-europeenne-avec-les-resultats-de-recherches-de-terrain\/\">Projection de films avec des r\u00e9sultats de recherches sur la transhumance en Europe<\/a>\n\t\t\t\n\t\t\t\t\t\t\t\t\t\t\t\t\t\t\n\t\t\t\t\t\t\t\t\n\t\t\t\t\t\t\t\t\t\t\t\t\t<div class=\"fusion-rollover-sep\"><\/div>\n\t\t\t\t\n\t\t\t\t\t\t\t\t\t\t\t\t\t\t\t\t\t\t<a class=\"fusion-rollover-gallery\" href=\"https:\/\/www.re-tramontana.org\/wp-content\/uploads\/2025\/09\/Loc_Proiezioni_Transumanza_1200x800.jpg\" data-options=\"\" data-id=\"7962\" data-rel=\"iLightbox[gallery]\" data-title=\"Loc_Proiezioni_Transumanza_1200x800\" data-caption=\"\">\n\t\t\t\t\t\tGallery\t\t\t\t\t<\/a>\n\t\t\t\t\t\t\t\t\t\t\t\t\t\t\n\t\t\n\t\t\t\t\t\t\t\t\t\t\t\t<h4 class=\"fusion-rollover-title\">\n\t\t\t\t\t<a class=\"fusion-rollover-title-link\" href=\"https:\/\/www.re-tramontana.org\/fr\/projection-de-films-sur-la-transhumance-europeenne-avec-les-resultats-de-recherches-de-terrain\/\">\n\t\t\t\t\t\tProjection de films avec des r\u00e9sultats de recherches sur la transhumance en Europe\t\t\t\t\t<\/a>\n\t\t\t\t<\/h4>\n\t\t\t\n\t\t\t\t\t\t\t\t\t\t<div class=\"fusion-rollover-categories\"><a href=\"https:\/\/www.re-tramontana.org\/fr\/category\/actions-fr\/\" rel=\"tag\">Actions<\/a>, <a href=\"https:\/\/www.re-tramontana.org\/fr\/category\/partners-fr\/akademia-profil-fr\/\" rel=\"tag\">Akademia Profil<\/a>, <a href=\"https:\/\/www.re-tramontana.org\/fr\/category\/actions-fr\/aria-tramontana-fr\/\" rel=\"tag\">ARIA Tramontana<\/a>, <a href=\"https:\/\/www.re-tramontana.org\/fr\/category\/partners-fr\/audiolab-fr\/\" rel=\"tag\">Audiolab<\/a>, <a href=\"https:\/\/www.re-tramontana.org\/fr\/category\/partners-fr\/bambun-fr\/\" rel=\"tag\">Bambun<\/a>, <a href=\"https:\/\/www.re-tramontana.org\/fr\/category\/partners-fr\/binauralnodar-fr\/\" rel=\"tag\">Binaural Nodar<\/a>, <a href=\"https:\/\/www.re-tramontana.org\/fr\/category\/partners-fr\/ethostaucomenges-fr\/\" rel=\"tag\">Eth Ostau Comeng\u00e9s<\/a>, <a href=\"https:\/\/www.re-tramontana.org\/fr\/category\/partners-fr\/g02-albanie\/\" rel=\"tag\">G02 Albanie<\/a>, <a href=\"https:\/\/www.re-tramontana.org\/fr\/category\/partners-fr\/la-leggera-fr\/\" rel=\"tag\">La Leggera<\/a>, <a href=\"https:\/\/www.re-tramontana.org\/fr\/category\/partners-fr\/lem-italia-fr\/\" rel=\"tag\">LEM Italia<\/a>, <a href=\"https:\/\/www.re-tramontana.org\/fr\/category\/partners-fr\/nosauts-de-bigorra-fr\/\" rel=\"tag\">Nosauts de Big\u00f2rra<\/a>, <a href=\"https:\/\/www.re-tramontana.org\/fr\/category\/partners-fr\/numericulture-gascogne-fr\/\" rel=\"tag\">Num\u00e9riculture Gascogne<\/a>, <a href=\"https:\/\/www.re-tramontana.org\/fr\/category\/partners-fr\/orma-fr\/\" rel=\"tag\">ORMA<\/a>, <a href=\"https:\/\/www.re-tramontana.org\/fr\/category\/partners-fr\/\" rel=\"tag\">Partenaires<\/a>, <a href=\"https:\/\/www.re-tramontana.org\/fr\/category\/partners-fr\/radio-pais-fr\/\" rel=\"tag\">R\u00e0dio Pa\u00eds<\/a><\/div>\t\t\t\t\t\n\t\t\n\t\t\t\t\t\t<a class=\"fusion-link-wrapper\" href=\"https:\/\/www.re-tramontana.org\/fr\/projection-de-films-sur-la-transhumance-europeenne-avec-les-resultats-de-recherches-de-terrain\/\" aria-label=\"Projection de films avec des r\u00e9sultats de recherches sur la transhumance en Europe\"><\/a>\n\t<\/div>\n<\/div>\n<\/div>\n<\/li>\n\t\t\t\n\t\t\t\n\t\t\t\t\t\t\t\t\t\t\t\t\t\t\t\t\t\t\t\t\t\t\t\t\t\t\t\t\t\t\t\t\t\t\t\t\t\t\t\t\t\t\t\t\t\t\t\t\t\t\t\t\t\t\t\t\t\t\t\t\t\t\t\t\t\t\t\t<\/ul>\n\t<\/div>\n\t<div class=\"fusion-post-content-wrapper\" style=\"padding:20px 20px 20px 20px;\"><div class=\"fusion-post-content post-content\"><h2 class=\"blog-shortcode-post-title entry-title\"><a href=\"https:\/\/www.re-tramontana.org\/fr\/projection-de-films-sur-la-transhumance-europeenne-avec-les-resultats-de-recherches-de-terrain\/\">Projection de films avec des r\u00e9sultats de recherches sur la transhumance en Europe<\/a><\/h2><p class=\"fusion-single-line-meta\"><span class=\"vcard\" style=\"display: none;\"><span class=\"fn\"><a href=\"https:\/\/www.re-tramontana.org\/fr\/author\/anaferreira\/\" title=\"Articles par Ana Ferreira\" rel=\"author\">Ana Ferreira<\/a><\/span><\/span><span class=\"updated\" style=\"display:none;\">2025-09-21T15:47:54+00:00<\/span><span>19 septembre 2025<\/span><span class=\"fusion-inline-sep\">|<\/span><\/p><\/div><\/div><div class=\"fusion-clearfix\"><\/div><\/div>\n<\/article>\n<article id=\"blog-1-post-7945\" class=\"fusion-post-grid post-7945 post type-post status-publish format-standard has-post-thumbnail hentry category-actions-fr category-akademia-profil-fr category-aria-tramontana-fr category-audiolab-fr category-bambun-fr category-binauralnodar-fr category-ethostaucomenges-fr category-g02-albanie category-la-leggera-fr category-lem-italia-fr category-nosauts-de-bigorra-fr category-numericulture-gascogne-fr category-orma-fr category-partners-fr category-radio-pais-fr\">\n<div class=\"fusion-post-wrapper\" style=\"background-color:rgba(255,255,255,1);border:1px solid #ebeaea;border-bottom-width:3px;\">\n\n\t\t\t<div class=\"fusion-flexslider flexslider fusion-flexslider-loading fusion-post-slideshow\" style=\"border-color:#ebeaea;\">\n\t\t<ul class=\"slides\">\n\t\t\t\n\t\t\t\t\t\t\t\t\t\t\t\t\t\t<li><div  class=\"fusion-image-wrapper\" aria-haspopup=\"true\">\n\t\t\t\t<img decoding=\"async\" width=\"1200\" height=\"800\" src=\"https:\/\/www.re-tramontana.org\/wp-content\/uploads\/2025\/09\/Forum-Italy_Sito-Tramontana.jpg\" class=\"attachment-full size-full wp-post-image\" alt=\"Forum Italy Sito Tramontana\" srcset=\"https:\/\/www.re-tramontana.org\/wp-content\/uploads\/2025\/09\/Forum-Italy_Sito-Tramontana-200x133.jpg 200w, https:\/\/www.re-tramontana.org\/wp-content\/uploads\/2025\/09\/Forum-Italy_Sito-Tramontana-400x267.jpg 400w, https:\/\/www.re-tramontana.org\/wp-content\/uploads\/2025\/09\/Forum-Italy_Sito-Tramontana-600x400.jpg 600w, https:\/\/www.re-tramontana.org\/wp-content\/uploads\/2025\/09\/Forum-Italy_Sito-Tramontana-800x533.jpg 800w, https:\/\/www.re-tramontana.org\/wp-content\/uploads\/2025\/09\/Forum-Italy_Sito-Tramontana.jpg 1200w\" sizes=\"(min-width: 2200px) 100vw, (min-width: 784px) 340px, (min-width: 712px) 510px, (min-width: 640px) 712px, \" \/><div class=\"fusion-rollover\">\n\t<div class=\"fusion-rollover-content\">\n\n\t\t\t\t\t\t\t\t\t\t\t\t\t\t<a class=\"fusion-rollover-link\" href=\"https:\/\/www.re-tramontana.org\/fr\/arsita-accueille-le-forum-international-du-projet-reseau-tramontana\/\">Arsita accueille le Forum International du projet R\u00e9seau Tramontana<\/a>\n\t\t\t\n\t\t\t\t\t\t\t\t\t\t\t\t\t\t\n\t\t\t\t\t\t\t\t\n\t\t\t\t\t\t\t\t\t\t\t\t\t<div class=\"fusion-rollover-sep\"><\/div>\n\t\t\t\t\n\t\t\t\t\t\t\t\t\t\t\t\t\t\t\t\t\t\t<a class=\"fusion-rollover-gallery\" href=\"https:\/\/www.re-tramontana.org\/wp-content\/uploads\/2025\/09\/Forum-Italy_Sito-Tramontana.jpg\" data-options=\"\" data-id=\"7945\" data-rel=\"iLightbox[gallery]\" data-title=\"Forum-Italy_Sito-Tramontana\" data-caption=\"\">\n\t\t\t\t\t\tGallery\t\t\t\t\t<\/a>\n\t\t\t\t\t\t\t\t\t\t\t\t\t\t\n\t\t\n\t\t\t\t\t\t\t\t\t\t\t\t<h4 class=\"fusion-rollover-title\">\n\t\t\t\t\t<a class=\"fusion-rollover-title-link\" href=\"https:\/\/www.re-tramontana.org\/fr\/arsita-accueille-le-forum-international-du-projet-reseau-tramontana\/\">\n\t\t\t\t\t\tArsita accueille le Forum International du projet R\u00e9seau Tramontana\t\t\t\t\t<\/a>\n\t\t\t\t<\/h4>\n\t\t\t\n\t\t\t\t\t\t\t\t\t\t<div class=\"fusion-rollover-categories\"><a href=\"https:\/\/www.re-tramontana.org\/fr\/category\/actions-fr\/\" rel=\"tag\">Actions<\/a>, <a href=\"https:\/\/www.re-tramontana.org\/fr\/category\/partners-fr\/akademia-profil-fr\/\" rel=\"tag\">Akademia Profil<\/a>, <a href=\"https:\/\/www.re-tramontana.org\/fr\/category\/actions-fr\/aria-tramontana-fr\/\" rel=\"tag\">ARIA Tramontana<\/a>, <a href=\"https:\/\/www.re-tramontana.org\/fr\/category\/partners-fr\/audiolab-fr\/\" rel=\"tag\">Audiolab<\/a>, <a href=\"https:\/\/www.re-tramontana.org\/fr\/category\/partners-fr\/bambun-fr\/\" rel=\"tag\">Bambun<\/a>, <a href=\"https:\/\/www.re-tramontana.org\/fr\/category\/partners-fr\/binauralnodar-fr\/\" rel=\"tag\">Binaural Nodar<\/a>, <a href=\"https:\/\/www.re-tramontana.org\/fr\/category\/partners-fr\/ethostaucomenges-fr\/\" rel=\"tag\">Eth Ostau Comeng\u00e9s<\/a>, <a href=\"https:\/\/www.re-tramontana.org\/fr\/category\/partners-fr\/g02-albanie\/\" rel=\"tag\">G02 Albanie<\/a>, <a href=\"https:\/\/www.re-tramontana.org\/fr\/category\/partners-fr\/la-leggera-fr\/\" rel=\"tag\">La Leggera<\/a>, <a href=\"https:\/\/www.re-tramontana.org\/fr\/category\/partners-fr\/lem-italia-fr\/\" rel=\"tag\">LEM Italia<\/a>, <a href=\"https:\/\/www.re-tramontana.org\/fr\/category\/partners-fr\/nosauts-de-bigorra-fr\/\" rel=\"tag\">Nosauts de Big\u00f2rra<\/a>, <a href=\"https:\/\/www.re-tramontana.org\/fr\/category\/partners-fr\/numericulture-gascogne-fr\/\" rel=\"tag\">Num\u00e9riculture Gascogne<\/a>, <a href=\"https:\/\/www.re-tramontana.org\/fr\/category\/partners-fr\/orma-fr\/\" rel=\"tag\">ORMA<\/a>, <a href=\"https:\/\/www.re-tramontana.org\/fr\/category\/partners-fr\/\" rel=\"tag\">Partenaires<\/a>, <a href=\"https:\/\/www.re-tramontana.org\/fr\/category\/partners-fr\/radio-pais-fr\/\" rel=\"tag\">R\u00e0dio Pa\u00eds<\/a><\/div>\t\t\t\t\t\n\t\t\n\t\t\t\t\t\t<a class=\"fusion-link-wrapper\" href=\"https:\/\/www.re-tramontana.org\/fr\/arsita-accueille-le-forum-international-du-projet-reseau-tramontana\/\" aria-label=\"Arsita accueille le Forum International du projet R\u00e9seau Tramontana\"><\/a>\n\t<\/div>\n<\/div>\n<\/div>\n<\/li>\n\t\t\t\n\t\t\t\n\t\t\t\t\t\t\t\t\t\t\t\t\t\t\t\t\t\t\t\t\t\t\t\t\t\t\t\t\t\t\t\t\t\t\t\t\t\t\t\t\t\t\t\t\t\t\t\t\t\t\t\t\t\t\t\t\t\t\t\t\t\t\t\t\t\t\t\t<\/ul>\n\t<\/div>\n\t<div class=\"fusion-post-content-wrapper\" style=\"padding:20px 20px 20px 20px;\"><div class=\"fusion-post-content post-content\"><h2 class=\"blog-shortcode-post-title entry-title\"><a href=\"https:\/\/www.re-tramontana.org\/fr\/arsita-accueille-le-forum-international-du-projet-reseau-tramontana\/\">Arsita accueille le Forum International du projet R\u00e9seau Tramontana<\/a><\/h2><p class=\"fusion-single-line-meta\"><span class=\"vcard\" style=\"display: none;\"><span class=\"fn\"><a href=\"https:\/\/www.re-tramontana.org\/fr\/author\/anaferreira\/\" title=\"Articles par Ana Ferreira\" rel=\"author\">Ana Ferreira<\/a><\/span><\/span><span class=\"updated\" style=\"display:none;\">2025-09-21T15:33:46+00:00<\/span><span>19 septembre 2025<\/span><span class=\"fusion-inline-sep\">|<\/span><\/p><\/div><\/div><div class=\"fusion-clearfix\"><\/div><\/div>\n<\/article>\n<div class=\"fusion-clearfix\"><\/div><\/div><div class=\"pagination clearfix\"><span class=\"current\">1<\/span><a href=\"https:\/\/www.re-tramontana.org\/fr\/wp-json\/wp\/v2\/avada_portfolio\/4289\/page\/2\/\" class=\"inactive\">2<\/a><a class=\"pagination-next\" rel=\"next\" href=\"https:\/\/www.re-tramontana.org\/fr\/wp-json\/wp\/v2\/avada_portfolio\/4289\/page\/2\/\"><span class=\"page-text\">Next<\/span><span class=\"page-next\"><\/span><\/a><\/div><div class=\"fusion-clearfix\"><\/div><\/div><\/div><\/div><div class=\"fusion-clearfix\"><\/div><\/div><\/div><\/div><\/div><div class=\"fusion-fullwidth fullwidth-box fusion-builder-row-3 has-pattern-background has-mask-background hundred-percent-fullwidth non-hundred-percent-height-scrolling fusion-equal-height-columns\" style=\"--awb-border-radius-top-left:0px;--awb-border-radius-top-right:0px;--awb-border-radius-bottom-right:0px;--awb-border-radius-bottom-left:0px;--awb-flex-wrap:wrap;\" ><div class=\"fusion-builder-row fusion-row\"><div class=\"fusion-layout-column fusion_builder_column fusion-builder-column-2 fusion_builder_column_1_1 1_1 fusion-one-full fusion-column-first fusion-column-last\" style=\"--awb-padding-right:15%;--awb-padding-left:15%;--awb-bg-size:cover;\" data-scroll-devices=\"small-visibility,medium-visibility,large-visibility\"><div class=\"fusion-column-wrapper fusion-column-has-shadow fusion-flex-column-wrapper-legacy\"><div class=\"fusion-column-content-centered\"><div class=\"fusion-column-content\"><div class=\"fusion-title title fusion-title-2 sep-underline sep-dotted fusion-title-center fusion-title-text fusion-title-size-one\" style=\"--awb-margin-top:5%;--awb-margin-bottom:5%;--awb-sep-color:#c4c2c2;\"><h1 class=\"fusion-title-heading title-heading-center\" style=\"margin:0;\"><h4 style=\"text-align: center;\">R\u00c9SULTATS R\u00c9CENTES<\/h4><\/h1><\/div><style type=\"text\/css\">.fusion-portfolio-wrapper#fusion-portfolio-1 .fusion-portfolio-content{ padding: 25px 25px 25px 25px; text-align: center; }<\/style><div class=\"fusion-recent-works fusion-portfolio-element fusion-portfolio fusion-portfolio-1 fusion-portfolio-grid fusion-portfolio-paging-pagination fusion-portfolio-three fusion-portfolio-boxed fusion-portfolio-text fusion-portfolio-equal-heights fusion-portfolio-rollover\" data-id=\"-rw-1\" data-columns=\"three\"><style type=\"text\/css\">.fusion-portfolio-1 .fusion-portfolio-wrapper .fusion-col-spacing{padding:20px;}<\/style><div class=\"fusion-portfolio-wrapper\" id=\"fusion-portfolio-1\" data-picturesize=\"auto\" data-pages=\"1\" style=\"margin:-20px;\"><article id=\"portfolio-1-post-7932\" class=\"fusion-portfolio-post audio-works-fr resultats-akademia-profil-fr resultats-audiolab-fr resultats-bambun-fr resultats-binaural-nodar-fr resultats-eth-ostau-comenges-fr resultats-go2-albania-fr resultats-la-leggera-fr resultats-lem-italia-fr resultats-numericulture-gascogne-fr resultats-orma-fr resultats-radio-pais-fr fusion-col-spacing post-7932\"><div class=\"fusion-portfolio-content-wrapper\" style=\"border:1px solid #ebeaea;border-bottom-width:3px;background-color:rgba(255,255,255,1);\"><span class=\"vcard rich-snippet-hidden\"><span class=\"fn\"><a href=\"https:\/\/www.re-tramontana.org\/fr\/author\/luiscosta\/\" title=\"Articles par luiscosta\" rel=\"author\">luiscosta<\/a><\/span><\/span><span class=\"updated rich-snippet-hidden\">2025-09-18T15:32:31+00:00<\/span><div  class=\"fusion-image-wrapper\" aria-haspopup=\"true\">\n\t\t\t\t<img decoding=\"async\" width=\"1200\" height=\"800\" src=\"https:\/\/www.re-tramontana.org\/wp-content\/uploads\/2025\/07\/Dgartes-PT-Paths-of-grass-and-rock-1200x800-1.jpg\" class=\"attachment-full size-full wp-post-image\" alt=\"Dgartes PT Paths of grass and rock\" srcset=\"https:\/\/www.re-tramontana.org\/wp-content\/uploads\/2025\/07\/Dgartes-PT-Paths-of-grass-and-rock-1200x800-1-200x133.jpg 200w, https:\/\/www.re-tramontana.org\/wp-content\/uploads\/2025\/07\/Dgartes-PT-Paths-of-grass-and-rock-1200x800-1-400x267.jpg 400w, https:\/\/www.re-tramontana.org\/wp-content\/uploads\/2025\/07\/Dgartes-PT-Paths-of-grass-and-rock-1200x800-1-600x400.jpg 600w, https:\/\/www.re-tramontana.org\/wp-content\/uploads\/2025\/07\/Dgartes-PT-Paths-of-grass-and-rock-1200x800-1-800x533.jpg 800w, https:\/\/www.re-tramontana.org\/wp-content\/uploads\/2025\/07\/Dgartes-PT-Paths-of-grass-and-rock-1200x800-1.jpg 1200w\" sizes=\"(min-width: 2200px) 100vw, (min-width: 784px) 340px, (min-width: 712px) 510px, (min-width: 640px) 712px, \" \/><div class=\"fusion-rollover\">\n\t<div class=\"fusion-rollover-content\">\n\n\t\t\t\t\t\t\t\t\t\t\t\t\t\t<a class=\"fusion-rollover-link\" href=\"https:\/\/www.re-tramontana.org\/fr\/portfolio-items\/paths-of-grass-and-rock\/?portfolioCats=956\">Voies d&rsquo;herbe et de roche<\/a>\n\t\t\t\n\t\t\t\t\t\t\t\t\t\t\t\t\t\t\n\t\t\t\t\t\t\t\t\n\t\t\t\t\t\t\t\t\t\t\t\t\t<div class=\"fusion-rollover-sep\"><\/div>\n\t\t\t\t\n\t\t\t\t\t\t\t\t\t\t\t\t\t\t\t\t\t\t<a class=\"fusion-rollover-gallery\" href=\"https:\/\/www.re-tramontana.org\/wp-content\/uploads\/2025\/07\/Dgartes-PT-Paths-of-grass-and-rock-1200x800-1.jpg\" data-options=\"\" data-id=\"7932\" data-rel=\"iLightbox[gallery-rw-1]\" data-title=\"Dgartes - PT - Paths of grass and rock\" data-caption=\"\">\n\t\t\t\t\t\tGallery\t\t\t\t\t<\/a>\n\t\t\t\t\t\t\t\t\t\t\t\t\t\t\n\t\t\n\t\t\t\t\t\t\t\t\t\t\t\t<h4 class=\"fusion-rollover-title\">\n\t\t\t\t\t<a class=\"fusion-rollover-title-link\" href=\"https:\/\/www.re-tramontana.org\/fr\/portfolio-items\/paths-of-grass-and-rock\/?portfolioCats=956\">\n\t\t\t\t\t\tVoies d&rsquo;herbe et de roche\t\t\t\t\t<\/a>\n\t\t\t\t<\/h4>\n\t\t\t\n\t\t\t\t\t\t\t\t\t\t<div class=\"fusion-rollover-categories\"><a href=\"https:\/\/www.re-tramontana.org\/fr\/portfolio_category\/audio-works-fr\/\" rel=\"tag\">\u0152uvres Audio<\/a>, <a href=\"https:\/\/www.re-tramontana.org\/fr\/portfolio_category\/resultats-akademia-profil-fr\/\" rel=\"tag\">R\u00e9sultats Akademia Profil<\/a>, <a href=\"https:\/\/www.re-tramontana.org\/fr\/portfolio_category\/resultats-audiolab-fr\/\" rel=\"tag\">R\u00e9sultats Audiolab<\/a>, <a href=\"https:\/\/www.re-tramontana.org\/fr\/portfolio_category\/resultats-bambun-fr\/\" rel=\"tag\">R\u00e9sultats Bambun<\/a>, <a href=\"https:\/\/www.re-tramontana.org\/fr\/portfolio_category\/resultats-binaural-nodar-fr\/\" rel=\"tag\">R\u00e9sultats Binaural Nodar<\/a>, <a href=\"https:\/\/www.re-tramontana.org\/fr\/portfolio_category\/resultats-eth-ostau-comenges-fr\/\" rel=\"tag\">R\u00e9sultats Eth Ostau Comeng\u00e9s<\/a>, <a href=\"https:\/\/www.re-tramontana.org\/fr\/portfolio_category\/resultats-go2-albania-fr\/\" rel=\"tag\">R\u00e9sultats GO2 Albania<\/a>, <a href=\"https:\/\/www.re-tramontana.org\/fr\/portfolio_category\/resultats-la-leggera-fr\/\" rel=\"tag\">R\u00e9sultats La Leggera<\/a>, <a href=\"https:\/\/www.re-tramontana.org\/fr\/portfolio_category\/resultats-lem-italia-fr\/\" rel=\"tag\">R\u00e9sultats LEM Italia<\/a>, <a href=\"https:\/\/www.re-tramontana.org\/fr\/portfolio_category\/resultats-numericulture-gascogne-fr\/\" rel=\"tag\">R\u00e9sultats Num\u00e9riculture Gascogne<\/a>, <a href=\"https:\/\/www.re-tramontana.org\/fr\/portfolio_category\/resultats-orma-fr\/\" rel=\"tag\">R\u00e9sultats ORMA<\/a>, <a href=\"https:\/\/www.re-tramontana.org\/fr\/portfolio_category\/resultats-radio-pais-fr\/\" rel=\"tag\">R\u00e9sultats R\u00e0dio Pa\u00eds<\/a><\/div>\t\t\t\t\t\n\t\t\n\t\t\t\t\t\t<a class=\"fusion-link-wrapper\" href=\"https:\/\/www.re-tramontana.org\/fr\/portfolio-items\/paths-of-grass-and-rock\/?portfolioCats=956\" aria-label=\"Voies d&rsquo;herbe et de roche\"><\/a>\n\t<\/div>\n<\/div>\n<\/div>\n<div class=\"fusion-portfolio-content\" style=\"background-color:rgba(255,255,255,1);\"><h2 class=\"entry-title fusion-post-title\"><a href=\"https:\/\/www.re-tramontana.org\/fr\/portfolio-items\/paths-of-grass-and-rock\/?portfolioCats=956\">Voies d&rsquo;herbe et de roche<\/a><\/h2><div class=\"fusion-post-content\"><\/div><\/div><\/div><\/article><article id=\"portfolio-1-post-8981\" class=\"fusion-portfolio-post books-fr resultats-akademia-profil-fr resultats-audiolab-fr resultats-bambun-fr resultats-binaural-nodar-fr resultats-eth-ostau-comenges-fr resultats-la-leggera-fr resultats-lem-italia-fr resultats-numericulture-gascogne-fr fusion-col-spacing post-8981\"><div class=\"fusion-portfolio-content-wrapper\" style=\"border:1px solid #ebeaea;border-bottom-width:3px;background-color:rgba(255,255,255,1);\"><span class=\"vcard rich-snippet-hidden\"><span class=\"fn\"><a href=\"https:\/\/www.re-tramontana.org\/fr\/author\/luiscosta\/\" title=\"Articles par luiscosta\" rel=\"author\">luiscosta<\/a><\/span><\/span><span class=\"updated rich-snippet-hidden\">2026-04-08T15:33:33+00:00<\/span><div  class=\"fusion-image-wrapper\" aria-haspopup=\"true\">\n\t\t\t\t<img decoding=\"async\" width=\"1200\" height=\"800\" src=\"https:\/\/www.re-tramontana.org\/wp-content\/uploads\/2019\/12\/memoria-tramontana.jpg\" class=\"attachment-full size-full wp-post-image\" alt=\"Memoria tramontana\" srcset=\"https:\/\/www.re-tramontana.org\/wp-content\/uploads\/2019\/12\/memoria-tramontana-200x133.jpg 200w, https:\/\/www.re-tramontana.org\/wp-content\/uploads\/2019\/12\/memoria-tramontana-400x267.jpg 400w, https:\/\/www.re-tramontana.org\/wp-content\/uploads\/2019\/12\/memoria-tramontana-600x400.jpg 600w, https:\/\/www.re-tramontana.org\/wp-content\/uploads\/2019\/12\/memoria-tramontana-800x533.jpg 800w, https:\/\/www.re-tramontana.org\/wp-content\/uploads\/2019\/12\/memoria-tramontana.jpg 1200w\" sizes=\"(min-width: 2200px) 100vw, (min-width: 784px) 340px, (min-width: 712px) 510px, (min-width: 640px) 712px, \" \/><div class=\"fusion-rollover\">\n\t<div class=\"fusion-rollover-content\">\n\n\t\t\t\t\t\t\t\t\t\t\t\t\t\t<a class=\"fusion-rollover-link\" href=\"https:\/\/www.re-tramontana.org\/fr\/portfolio-items\/memoria-tramontana-les-changements-dans-l-europe-rurale-vus-par-ses-habitants\/?portfolioCats=956\">Memoria Tramontana : Les changements dans l\u2019Europe rurale vus par ses habitants<\/a>\n\t\t\t\n\t\t\t\t\t\t\t\t\t\t\t\t\t\t\n\t\t\t\t\t\t\t\t\n\t\t\t\t\t\t\t\t\t\t\t\t\t<div class=\"fusion-rollover-sep\"><\/div>\n\t\t\t\t\n\t\t\t\t\t\t\t\t\t\t\t\t\t\t\t\t\t\t<a class=\"fusion-rollover-gallery\" href=\"https:\/\/www.re-tramontana.org\/wp-content\/uploads\/2019\/12\/memoria-tramontana.jpg\" data-options=\"\" data-id=\"8981\" data-rel=\"iLightbox[gallery-rw-1]\" data-title=\"memoria-tramontana\" data-caption=\"\">\n\t\t\t\t\t\tGallery\t\t\t\t\t<\/a>\n\t\t\t\t\t\t\t\t\t\t\t\t\t\t\n\t\t\n\t\t\t\t\t\t\t\t\t\t\t\t<h4 class=\"fusion-rollover-title\">\n\t\t\t\t\t<a class=\"fusion-rollover-title-link\" href=\"https:\/\/www.re-tramontana.org\/fr\/portfolio-items\/memoria-tramontana-les-changements-dans-l-europe-rurale-vus-par-ses-habitants\/?portfolioCats=956\">\n\t\t\t\t\t\tMemoria Tramontana : Les changements dans l\u2019Europe rurale vus par ses habitants\t\t\t\t\t<\/a>\n\t\t\t\t<\/h4>\n\t\t\t\n\t\t\t\t\t\t\t\t\t\t<div class=\"fusion-rollover-categories\"><a href=\"https:\/\/www.re-tramontana.org\/fr\/portfolio_category\/books-fr\/\" rel=\"tag\">Livres<\/a>, <a href=\"https:\/\/www.re-tramontana.org\/fr\/portfolio_category\/resultats-akademia-profil-fr\/\" rel=\"tag\">R\u00e9sultats Akademia Profil<\/a>, <a href=\"https:\/\/www.re-tramontana.org\/fr\/portfolio_category\/resultats-audiolab-fr\/\" rel=\"tag\">R\u00e9sultats Audiolab<\/a>, <a href=\"https:\/\/www.re-tramontana.org\/fr\/portfolio_category\/resultats-bambun-fr\/\" rel=\"tag\">R\u00e9sultats Bambun<\/a>, <a href=\"https:\/\/www.re-tramontana.org\/fr\/portfolio_category\/resultats-binaural-nodar-fr\/\" rel=\"tag\">R\u00e9sultats Binaural Nodar<\/a>, <a href=\"https:\/\/www.re-tramontana.org\/fr\/portfolio_category\/resultats-eth-ostau-comenges-fr\/\" rel=\"tag\">R\u00e9sultats Eth Ostau Comeng\u00e9s<\/a>, <a href=\"https:\/\/www.re-tramontana.org\/fr\/portfolio_category\/resultats-la-leggera-fr\/\" rel=\"tag\">R\u00e9sultats La Leggera<\/a>, <a href=\"https:\/\/www.re-tramontana.org\/fr\/portfolio_category\/resultats-lem-italia-fr\/\" rel=\"tag\">R\u00e9sultats LEM Italia<\/a>, <a href=\"https:\/\/www.re-tramontana.org\/fr\/portfolio_category\/resultats-numericulture-gascogne-fr\/\" rel=\"tag\">R\u00e9sultats Num\u00e9riculture Gascogne<\/a><\/div>\t\t\t\t\t\n\t\t\n\t\t\t\t\t\t<a class=\"fusion-link-wrapper\" href=\"https:\/\/www.re-tramontana.org\/fr\/portfolio-items\/memoria-tramontana-les-changements-dans-l-europe-rurale-vus-par-ses-habitants\/?portfolioCats=956\" aria-label=\"Memoria Tramontana : Les changements dans l\u2019Europe rurale vus par ses habitants\"><\/a>\n\t<\/div>\n<\/div>\n<\/div>\n<div class=\"fusion-portfolio-content\" style=\"background-color:rgba(255,255,255,1);\"><h2 class=\"entry-title fusion-post-title\"><a href=\"https:\/\/www.re-tramontana.org\/fr\/portfolio-items\/memoria-tramontana-les-changements-dans-l-europe-rurale-vus-par-ses-habitants\/?portfolioCats=956\">Memoria Tramontana : Les changements dans l\u2019Europe rurale vus par ses habitants<\/a><\/h2><div class=\"fusion-post-content\"><\/div><\/div><\/div><\/article><\/div><\/div><\/div><\/div><div class=\"fusion-clearfix\"><\/div><\/div><\/div><\/div><\/div><\/p>\n","protected":false},"excerpt":{"rendered":"","protected":false},"author":2,"featured_media":5093,"menu_order":0,"comment_status":"closed","ping_status":"closed","template":"","format":"standard","meta":{"_acf_changed":false,"slim_seo":{"title":"Memoria Tramontana : Les changements dans l\u2019Europe rurale vus par ses habitants - R\u00e9seau Tramontana","description":"Description : Ce volume rend compte, de mani\u00e8re on ne peut plus essentielle, de quelques-unes des tr\u00e8s nombreuses rencontres qui ont caract\u00e9ris\u00e9 les six ann\u00e9es"},"footnotes":""},"portfolio_category":[321,282],"portfolio_skills":[],"portfolio_tags":[],"class_list":["post-4289","avada_portfolio","type-avada_portfolio","status-publish","format-standard","has-post-thumbnail","hentry","portfolio_category-numericulture-gascogne-fr","portfolio_category-partenaires-fr"],"acf":[],"_links":{"self":[{"href":"https:\/\/www.re-tramontana.org\/fr\/wp-json\/wp\/v2\/avada_portfolio\/4289","targetHints":{"allow":["GET"]}}],"collection":[{"href":"https:\/\/www.re-tramontana.org\/fr\/wp-json\/wp\/v2\/avada_portfolio"}],"about":[{"href":"https:\/\/www.re-tramontana.org\/fr\/wp-json\/wp\/v2\/types\/avada_portfolio"}],"author":[{"embeddable":true,"href":"https:\/\/www.re-tramontana.org\/fr\/wp-json\/wp\/v2\/users\/2"}],"replies":[{"embeddable":true,"href":"https:\/\/www.re-tramontana.org\/fr\/wp-json\/wp\/v2\/comments?post=4289"}],"version-history":[{"count":5,"href":"https:\/\/www.re-tramontana.org\/fr\/wp-json\/wp\/v2\/avada_portfolio\/4289\/revisions"}],"predecessor-version":[{"id":8125,"href":"https:\/\/www.re-tramontana.org\/fr\/wp-json\/wp\/v2\/avada_portfolio\/4289\/revisions\/8125"}],"wp:featuredmedia":[{"embeddable":true,"href":"https:\/\/www.re-tramontana.org\/fr\/wp-json\/wp\/v2\/media\/5093"}],"wp:attachment":[{"href":"https:\/\/www.re-tramontana.org\/fr\/wp-json\/wp\/v2\/media?parent=4289"}],"wp:term":[{"taxonomy":"portfolio_category","embeddable":true,"href":"https:\/\/www.re-tramontana.org\/fr\/wp-json\/wp\/v2\/portfolio_category?post=4289"},{"taxonomy":"portfolio_skills","embeddable":true,"href":"https:\/\/www.re-tramontana.org\/fr\/wp-json\/wp\/v2\/portfolio_skills?post=4289"},{"taxonomy":"portfolio_tags","embeddable":true,"href":"https:\/\/www.re-tramontana.org\/fr\/wp-json\/wp\/v2\/portfolio_tags?post=4289"}],"curies":[{"name":"wp","href":"https:\/\/api.w.org\/{rel}","templated":true}]}}